{"id":72,"date":"2024-02-27T02:30:31","date_gmt":"2024-02-27T01:30:31","guid":{"rendered":"https:\/\/www.studiovildnis.com\/?page_id=72"},"modified":"2026-01-19T10:00:38","modified_gmt":"2026-01-19T09:00:38","slug":"historien-om-studiet","status":"publish","type":"page","link":"https:\/\/www.studiovildnis.com\/index.php\/historien-om-studiet\/","title":{"rendered":"Historien om studiet"},"content":{"rendered":"\n<div class=\"wp-block-cover alignfull is-light\"><img loading=\"lazy\" decoding=\"async\" width=\"1920\" height=\"1440\" class=\"wp-block-cover__image-background wp-image-238\" alt=\"\" src=\"https:\/\/www.studiovildnis.com\/wp-content\/uploads\/2024\/02\/vildnis-historien-om-studiet.jpg\" data-object-fit=\"cover\" srcset=\"https:\/\/www.studiovildnis.com\/wp-content\/uploads\/2024\/02\/vildnis-historien-om-studiet.jpg 1920w, https:\/\/www.studiovildnis.com\/wp-content\/uploads\/2024\/02\/vildnis-historien-om-studiet-300x225.jpg 300w, https:\/\/www.studiovildnis.com\/wp-content\/uploads\/2024\/02\/vildnis-historien-om-studiet-1024x768.jpg 1024w, https:\/\/www.studiovildnis.com\/wp-content\/uploads\/2024\/02\/vildnis-historien-om-studiet-768x576.jpg 768w, https:\/\/www.studiovildnis.com\/wp-content\/uploads\/2024\/02\/vildnis-historien-om-studiet-1536x1152.jpg 1536w\" sizes=\"auto, (max-width: 1920px) 100vw, 1920px\" \/><span aria-hidden=\"true\" class=\"wp-block-cover__background has-background-dim\"><\/span><div class=\"wp-block-cover__inner-container has-global-padding is-layout-constrained wp-block-cover-is-layout-constrained\">\n<h2 class=\"wp-block-heading has-text-align-center has-base-2-color has-text-color has-link-color has-xx-large-font-size wp-elements-f5eeaf62494cd4a834e1ef85e763193e\"><em>Et lydstudie p\u00e5 landet med sit helt eget sj\u00e6leliv<\/em><\/h2>\n<\/div><\/div>\n\n\n\n<div class=\"wp-block-group alignfull has-global-padding is-layout-constrained wp-container-core-group-is-layout-490fa1db wp-block-group-is-layout-constrained\" style=\"padding-top:var(--wp--preset--spacing--50);padding-right:var(--wp--preset--spacing--50);padding-bottom:var(--wp--preset--spacing--50);padding-left:var(--wp--preset--spacing--50)\">\n<p><strong>Historien om studiet<\/strong><\/p>\n\n\n\n<p>Byggeriet startede i 2018, da vi tog udfordringen op med en gammel, uisoleret ladebygning beliggende i en lille oase i det \u00e5bne kuperede landskab. Langt fra byens tempo og st\u00f8j begyndte arbejdet med at skabe et sted, hvor ro og fordybelse kunne f\u00e5 plads. Visionen var at bygge en kreativ legeplads \u2013 et lydstudie p\u00e5 landet, hvor omgivelserne i sig selv inviterer til n\u00e6rv\u00e6r og koncentration.<\/p>\n\n\n\n<p><a href=\"https:\/\/www.studiovildnis.com\/index.php\/vi-tilbyder\/live-video-og-sessions\/\">Se mere: Live Sessions og Video<\/a><\/p>\n\n\n\n<p>Vi havde ingen h\u00e5ndv\u00e6rksm\u00e6ssige erfaringer at tr\u00e6kke p\u00e5. Tilgangen blev derfor s\u00e6rdeles kreativ, nogen ville sige ukonventionel, og i h\u00f8j grad pr\u00e6get af en <em>learning by doing<\/em>-filosofi. Vi har tager os tid til at pr\u00f8ve os frem, og netop den frihed har v\u00e6ret afg\u00f8rende for studiets form og udtryk.<\/p>\n\n\n\n<div class=\"wp-block-columns is-layout-flex wp-container-core-columns-is-layout-28f84493 wp-block-columns-is-layout-flex\">\n<div class=\"wp-block-column is-vertically-aligned-center is-layout-flow wp-block-column-is-layout-flow\">\n<h4 class=\"wp-block-heading has-text-align-right\"><em>B\u00e6redygtighed, h\u00e5ndv\u00e6rk og affektionsv\u00e6rdi giver atmosf\u00e6re og mening<\/em><\/h4>\n<\/div>\n\n\n\n<div class=\"wp-block-column is-layout-flow wp-block-column-is-layout-flow\">\n<p>De fleste byggematerier er genbrugt. Vi tror p\u00e5, at sj\u00e6lfulde genstande bidrager til den unikke atmosf\u00e6re, der kendetegner Studio Vildnis. Desuden er en stor del af studiets interi\u00f8r specialdesignet i massivt asketr\u00e6.<\/p>\n<\/div>\n<\/div>\n\n\n\n<div style=\"height:var(--wp--preset--spacing--30)\" aria-hidden=\"true\" class=\"wp-block-spacer\"><\/div>\n\n\n\n<div class=\"wp-block-group alignwide has-global-padding is-layout-constrained wp-container-core-group-is-layout-7db9d80f wp-block-group-is-layout-constrained\" style=\"padding-right:0;padding-left:0\">\n<figure class=\"wp-block-image alignwide size-large is-style-rounded is-style-rounded--1\"><img loading=\"lazy\" decoding=\"async\" width=\"1024\" height=\"818\" src=\"https:\/\/www.studiovildnis.com\/wp-content\/uploads\/2024\/02\/vildnis-materialer-1024x818.jpg\" alt=\"\" class=\"wp-image-239\" srcset=\"https:\/\/www.studiovildnis.com\/wp-content\/uploads\/2024\/02\/vildnis-materialer-1024x818.jpg 1024w, https:\/\/www.studiovildnis.com\/wp-content\/uploads\/2024\/02\/vildnis-materialer-300x240.jpg 300w, https:\/\/www.studiovildnis.com\/wp-content\/uploads\/2024\/02\/vildnis-materialer-768x614.jpg 768w, https:\/\/www.studiovildnis.com\/wp-content\/uploads\/2024\/02\/vildnis-materialer-1536x1227.jpg 1536w, https:\/\/www.studiovildnis.com\/wp-content\/uploads\/2024\/02\/vildnis-materialer.jpg 1920w\" sizes=\"auto, (max-width: 1024px) 100vw, 1024px\" \/><\/figure>\n\n\n\n<figure class=\"wp-block-image alignwide size-large is-style-rounded is-style-rounded--2\"><img loading=\"lazy\" decoding=\"async\" width=\"768\" height=\"1024\" src=\"https:\/\/www.studiovildnis.com\/wp-content\/uploads\/2026\/01\/20250101_020826-768x1024.jpg\" alt=\"tr\u00e6v\u00e6rk og vindeltrappe i studio vildnis\" class=\"wp-image-512\" srcset=\"https:\/\/www.studiovildnis.com\/wp-content\/uploads\/2026\/01\/20250101_020826-768x1024.jpg 768w, https:\/\/www.studiovildnis.com\/wp-content\/uploads\/2026\/01\/20250101_020826-225x300.jpg 225w, https:\/\/www.studiovildnis.com\/wp-content\/uploads\/2026\/01\/20250101_020826-1152x1536.jpg 1152w, https:\/\/www.studiovildnis.com\/wp-content\/uploads\/2026\/01\/20250101_020826-1536x2048.jpg 1536w, https:\/\/www.studiovildnis.com\/wp-content\/uploads\/2026\/01\/20250101_020826-scaled.jpg 1920w\" sizes=\"auto, (max-width: 768px) 100vw, 768px\" \/><\/figure>\n<\/div>\n<\/div>\n\n\n\n<div class=\"wp-block-group alignfull has-base-2-background-color has-background has-global-padding is-layout-constrained wp-container-core-group-is-layout-669513ed wp-block-group-is-layout-constrained\" style=\"margin-top:0;margin-bottom:0;padding-top:var(--wp--preset--spacing--50);padding-right:var(--wp--preset--spacing--50);padding-bottom:var(--wp--preset--spacing--50);padding-left:var(--wp--preset--spacing--50)\">\n<h2 class=\"wp-block-heading\"><strong>Materialer med sj\u00e6l \u2013 historier der lever videre i studiet<\/strong><\/h2>\n\n\n\n<p>Meget af studiets interi\u00f8r b\u00e6rer p\u00e5 en lang forhistorie. Teak-parketgulvet i liverummet l\u00e5 i mange \u00e5r hos en pensioneret kaptajn og samlede st\u00f8v. If\u00f8lge ham har plankerne engang udgjort et dansegulv p\u00e5 f\u00e6rgen mellem Danmark og Tyskland. Da dansen oph\u00f8rte, tog han gulvet med sig i h\u00e5bet om, at det en dag ville f\u00e5 nyt liv. I dag ligger det her i studiet med en patina, der vidner om b\u00e5de h\u00f8jh\u00e6lede sko og tunge flightcases \u2013 og giver rummet en s\u00e6rlig tyngde og varme.<\/p>\n\n\n\n<p><a href=\"https:\/\/www.studiovildnis.com\/index.php\/faciliteter\/\">L\u00e6s mere om studiets faciliteter<\/a><\/p>\n\n\n\n<p>Den massive vindeltrappe har hvilet i en skov p\u00e5 M\u00f8n siden 1980&#8217;erne, indtil vi fik lov til at grave den fri. Med hj\u00e6lp fra de lokale storb\u00f8nder og ved hj\u00e6lp af hejsev\u00e6rk og traktor rejste vi trappen op i studiet, hvor den st\u00e5r, r\u00e5 som vi fandt den.<\/p>\n<\/div>\n\n\n\n<figure class=\"wp-block-image alignfull size-large\"><img loading=\"lazy\" decoding=\"async\" width=\"1024\" height=\"576\" src=\"https:\/\/www.studiovildnis.com\/wp-content\/uploads\/2026\/01\/DSCF1378-2-1024x576.jpg\" alt=\"Workshop i Vildnis\" class=\"wp-image-411\" srcset=\"https:\/\/www.studiovildnis.com\/wp-content\/uploads\/2026\/01\/DSCF1378-2-1024x576.jpg 1024w, https:\/\/www.studiovildnis.com\/wp-content\/uploads\/2026\/01\/DSCF1378-2-300x169.jpg 300w, https:\/\/www.studiovildnis.com\/wp-content\/uploads\/2026\/01\/DSCF1378-2-768x432.jpg 768w, https:\/\/www.studiovildnis.com\/wp-content\/uploads\/2026\/01\/DSCF1378-2-1536x864.jpg 1536w, https:\/\/www.studiovildnis.com\/wp-content\/uploads\/2026\/01\/DSCF1378-2-2048x1152.jpg 2048w\" sizes=\"auto, (max-width: 1024px) 100vw, 1024px\" \/><\/figure>\n","protected":false},"excerpt":{"rendered":"<p>Historien om studiet Byggeriet startede i 2018, da vi tog udfordringen op med en gammel, uisoleret ladebygning beliggende i en lille oase i det \u00e5bne kuperede landskab. Langt fra byens tempo og st\u00f8j begyndte arbejdet med at skabe et sted, hvor ro og fordybelse kunne f\u00e5 plads. Visionen var at bygge en kreativ legeplads \u2013 [&hellip;]<\/p>\n","protected":false},"author":1,"featured_media":0,"parent":0,"menu_order":0,"comment_status":"closed","ping_status":"closed","template":"page-no-title","meta":{"footnotes":""},"class_list":["post-72","page","type-page","status-publish","hentry"],"yoast_head":"<!-- This site is optimized with the Yoast SEO plugin v26.7 - https:\/\/yoast.com\/wordpress\/plugins\/seo\/ -->\n<title>Historien om studiet - Studio Vildnis<\/title>\n<meta name=\"description\" content=\"Oplev et lydstudie p\u00e5 landet, hvor genbrugsmaterialer, natur og ro skaber en s\u00e6rlig atmosf\u00e6re for fordybelse, kreativitet og n\u00e6rv\u00e6r.\" \/>\n<meta name=\"robots\" content=\"index, follow, max-snippet:-1, max-image-preview:large, max-video-preview:-1\" \/>\n<link rel=\"canonical\" href=\"https:\/\/www.studiovildnis.com\/index.php\/historien-om-studiet\/\" \/>\n<meta property=\"og:locale\" content=\"da_DK\" \/>\n<meta property=\"og:type\" content=\"article\" \/>\n<meta property=\"og:title\" content=\"Historien om studiet - Studio Vildnis\" \/>\n<meta property=\"og:description\" content=\"Oplev et lydstudie p\u00e5 landet, hvor genbrugsmaterialer, natur og ro skaber en s\u00e6rlig atmosf\u00e6re for fordybelse, kreativitet og n\u00e6rv\u00e6r.\" \/>\n<meta property=\"og:url\" content=\"https:\/\/www.studiovildnis.com\/index.php\/historien-om-studiet\/\" \/>\n<meta property=\"og:site_name\" content=\"Studio Vildnis\" \/>\n<meta property=\"article:modified_time\" content=\"2026-01-19T09:00:38+00:00\" \/>\n<meta property=\"og:image\" content=\"https:\/\/www.studiovildnis.com\/wp-content\/uploads\/2024\/02\/vildnis-historien-om-studiet.jpg\" \/>\n\t<meta property=\"og:image:width\" content=\"1920\" \/>\n\t<meta property=\"og:image:height\" content=\"1440\" \/>\n\t<meta property=\"og:image:type\" content=\"image\/jpeg\" \/>\n<meta name=\"twitter:card\" content=\"summary_large_image\" \/>\n<meta name=\"twitter:label1\" content=\"Estimeret l\u00e6setid\" \/>\n\t<meta name=\"twitter:data1\" content=\"3 minutter\" \/>\n<script type=\"application\/ld+json\" class=\"yoast-schema-graph\">{\"@context\":\"https:\/\/schema.org\",\"@graph\":[{\"@type\":\"WebPage\",\"@id\":\"https:\/\/www.studiovildnis.com\/index.php\/historien-om-studiet\/\",\"url\":\"https:\/\/www.studiovildnis.com\/index.php\/historien-om-studiet\/\",\"name\":\"Historien om studiet - Studio Vildnis\",\"isPartOf\":{\"@id\":\"https:\/\/www.studiovildnis.com\/#website\"},\"primaryImageOfPage\":{\"@id\":\"https:\/\/www.studiovildnis.com\/index.php\/historien-om-studiet\/#primaryimage\"},\"image\":{\"@id\":\"https:\/\/www.studiovildnis.com\/index.php\/historien-om-studiet\/#primaryimage\"},\"thumbnailUrl\":\"https:\/\/www.studiovildnis.com\/wp-content\/uploads\/2024\/02\/vildnis-historien-om-studiet.jpg\",\"datePublished\":\"2024-02-27T01:30:31+00:00\",\"dateModified\":\"2026-01-19T09:00:38+00:00\",\"description\":\"Oplev et lydstudie p\u00e5 landet, hvor genbrugsmaterialer, natur og ro skaber en s\u00e6rlig atmosf\u00e6re for fordybelse, kreativitet og n\u00e6rv\u00e6r.\",\"breadcrumb\":{\"@id\":\"https:\/\/www.studiovildnis.com\/index.php\/historien-om-studiet\/#breadcrumb\"},\"inLanguage\":\"da-DK\",\"potentialAction\":[{\"@type\":\"ReadAction\",\"target\":[\"https:\/\/www.studiovildnis.com\/index.php\/historien-om-studiet\/\"]}]},{\"@type\":\"ImageObject\",\"inLanguage\":\"da-DK\",\"@id\":\"https:\/\/www.studiovildnis.com\/index.php\/historien-om-studiet\/#primaryimage\",\"url\":\"https:\/\/www.studiovildnis.com\/wp-content\/uploads\/2024\/02\/vildnis-historien-om-studiet.jpg\",\"contentUrl\":\"https:\/\/www.studiovildnis.com\/wp-content\/uploads\/2024\/02\/vildnis-historien-om-studiet.jpg\",\"width\":1920,\"height\":1440},{\"@type\":\"BreadcrumbList\",\"@id\":\"https:\/\/www.studiovildnis.com\/index.php\/historien-om-studiet\/#breadcrumb\",\"itemListElement\":[{\"@type\":\"ListItem\",\"position\":1,\"name\":\"Hjem\",\"item\":\"https:\/\/www.studiovildnis.com\/\"},{\"@type\":\"ListItem\",\"position\":2,\"name\":\"Historien om studiet\"}]},{\"@type\":\"WebSite\",\"@id\":\"https:\/\/www.studiovildnis.com\/#website\",\"url\":\"https:\/\/www.studiovildnis.com\/\",\"name\":\"Studio Vildnis\",\"description\":\"\",\"publisher\":{\"@id\":\"https:\/\/www.studiovildnis.com\/#organization\"},\"potentialAction\":[{\"@type\":\"SearchAction\",\"target\":{\"@type\":\"EntryPoint\",\"urlTemplate\":\"https:\/\/www.studiovildnis.com\/?s={search_term_string}\"},\"query-input\":{\"@type\":\"PropertyValueSpecification\",\"valueRequired\":true,\"valueName\":\"search_term_string\"}}],\"inLanguage\":\"da-DK\"},{\"@type\":\"Organization\",\"@id\":\"https:\/\/www.studiovildnis.com\/#organization\",\"name\":\"Studio Vildnis\",\"url\":\"https:\/\/www.studiovildnis.com\/\",\"logo\":{\"@type\":\"ImageObject\",\"inLanguage\":\"da-DK\",\"@id\":\"https:\/\/www.studiovildnis.com\/#\/schema\/logo\/image\/\",\"url\":\"https:\/\/www.studiovildnis.com\/wp-content\/uploads\/2024\/02\/vildnis.png\",\"contentUrl\":\"https:\/\/www.studiovildnis.com\/wp-content\/uploads\/2024\/02\/vildnis.png\",\"width\":2340,\"height\":516,\"caption\":\"Studio Vildnis\"},\"image\":{\"@id\":\"https:\/\/www.studiovildnis.com\/#\/schema\/logo\/image\/\"}}]}<\/script>\n<!-- \/ Yoast SEO plugin. -->","yoast_head_json":{"title":"Historien om studiet - Studio Vildnis","description":"Oplev et lydstudie p\u00e5 landet, hvor genbrugsmaterialer, natur og ro skaber en s\u00e6rlig atmosf\u00e6re for fordybelse, kreativitet og n\u00e6rv\u00e6r.","robots":{"index":"index","follow":"follow","max-snippet":"max-snippet:-1","max-image-preview":"max-image-preview:large","max-video-preview":"max-video-preview:-1"},"canonical":"https:\/\/www.studiovildnis.com\/index.php\/historien-om-studiet\/","og_locale":"da_DK","og_type":"article","og_title":"Historien om studiet - Studio Vildnis","og_description":"Oplev et lydstudie p\u00e5 landet, hvor genbrugsmaterialer, natur og ro skaber en s\u00e6rlig atmosf\u00e6re for fordybelse, kreativitet og n\u00e6rv\u00e6r.","og_url":"https:\/\/www.studiovildnis.com\/index.php\/historien-om-studiet\/","og_site_name":"Studio Vildnis","article_modified_time":"2026-01-19T09:00:38+00:00","og_image":[{"width":1920,"height":1440,"url":"https:\/\/www.studiovildnis.com\/wp-content\/uploads\/2024\/02\/vildnis-historien-om-studiet.jpg","type":"image\/jpeg"}],"twitter_card":"summary_large_image","twitter_misc":{"Estimeret l\u00e6setid":"3 minutter"},"schema":{"@context":"https:\/\/schema.org","@graph":[{"@type":"WebPage","@id":"https:\/\/www.studiovildnis.com\/index.php\/historien-om-studiet\/","url":"https:\/\/www.studiovildnis.com\/index.php\/historien-om-studiet\/","name":"Historien om studiet - Studio Vildnis","isPartOf":{"@id":"https:\/\/www.studiovildnis.com\/#website"},"primaryImageOfPage":{"@id":"https:\/\/www.studiovildnis.com\/index.php\/historien-om-studiet\/#primaryimage"},"image":{"@id":"https:\/\/www.studiovildnis.com\/index.php\/historien-om-studiet\/#primaryimage"},"thumbnailUrl":"https:\/\/www.studiovildnis.com\/wp-content\/uploads\/2024\/02\/vildnis-historien-om-studiet.jpg","datePublished":"2024-02-27T01:30:31+00:00","dateModified":"2026-01-19T09:00:38+00:00","description":"Oplev et lydstudie p\u00e5 landet, hvor genbrugsmaterialer, natur og ro skaber en s\u00e6rlig atmosf\u00e6re for fordybelse, kreativitet og n\u00e6rv\u00e6r.","breadcrumb":{"@id":"https:\/\/www.studiovildnis.com\/index.php\/historien-om-studiet\/#breadcrumb"},"inLanguage":"da-DK","potentialAction":[{"@type":"ReadAction","target":["https:\/\/www.studiovildnis.com\/index.php\/historien-om-studiet\/"]}]},{"@type":"ImageObject","inLanguage":"da-DK","@id":"https:\/\/www.studiovildnis.com\/index.php\/historien-om-studiet\/#primaryimage","url":"https:\/\/www.studiovildnis.com\/wp-content\/uploads\/2024\/02\/vildnis-historien-om-studiet.jpg","contentUrl":"https:\/\/www.studiovildnis.com\/wp-content\/uploads\/2024\/02\/vildnis-historien-om-studiet.jpg","width":1920,"height":1440},{"@type":"BreadcrumbList","@id":"https:\/\/www.studiovildnis.com\/index.php\/historien-om-studiet\/#breadcrumb","itemListElement":[{"@type":"ListItem","position":1,"name":"Hjem","item":"https:\/\/www.studiovildnis.com\/"},{"@type":"ListItem","position":2,"name":"Historien om studiet"}]},{"@type":"WebSite","@id":"https:\/\/www.studiovildnis.com\/#website","url":"https:\/\/www.studiovildnis.com\/","name":"Studio Vildnis","description":"","publisher":{"@id":"https:\/\/www.studiovildnis.com\/#organization"},"potentialAction":[{"@type":"SearchAction","target":{"@type":"EntryPoint","urlTemplate":"https:\/\/www.studiovildnis.com\/?s={search_term_string}"},"query-input":{"@type":"PropertyValueSpecification","valueRequired":true,"valueName":"search_term_string"}}],"inLanguage":"da-DK"},{"@type":"Organization","@id":"https:\/\/www.studiovildnis.com\/#organization","name":"Studio Vildnis","url":"https:\/\/www.studiovildnis.com\/","logo":{"@type":"ImageObject","inLanguage":"da-DK","@id":"https:\/\/www.studiovildnis.com\/#\/schema\/logo\/image\/","url":"https:\/\/www.studiovildnis.com\/wp-content\/uploads\/2024\/02\/vildnis.png","contentUrl":"https:\/\/www.studiovildnis.com\/wp-content\/uploads\/2024\/02\/vildnis.png","width":2340,"height":516,"caption":"Studio Vildnis"},"image":{"@id":"https:\/\/www.studiovildnis.com\/#\/schema\/logo\/image\/"}}]}},"_links":{"self":[{"href":"https:\/\/www.studiovildnis.com\/index.php\/wp-json\/wp\/v2\/pages\/72","targetHints":{"allow":["GET"]}}],"collection":[{"href":"https:\/\/www.studiovildnis.com\/index.php\/wp-json\/wp\/v2\/pages"}],"about":[{"href":"https:\/\/www.studiovildnis.com\/index.php\/wp-json\/wp\/v2\/types\/page"}],"author":[{"embeddable":true,"href":"https:\/\/www.studiovildnis.com\/index.php\/wp-json\/wp\/v2\/users\/1"}],"replies":[{"embeddable":true,"href":"https:\/\/www.studiovildnis.com\/index.php\/wp-json\/wp\/v2\/comments?post=72"}],"version-history":[{"count":30,"href":"https:\/\/www.studiovildnis.com\/index.php\/wp-json\/wp\/v2\/pages\/72\/revisions"}],"predecessor-version":[{"id":518,"href":"https:\/\/www.studiovildnis.com\/index.php\/wp-json\/wp\/v2\/pages\/72\/revisions\/518"}],"wp:attachment":[{"href":"https:\/\/www.studiovildnis.com\/index.php\/wp-json\/wp\/v2\/media?parent=72"}],"curies":[{"name":"wp","href":"https:\/\/api.w.org\/{rel}","templated":true}]}}